{"id":2005,"date":"2023-03-13T13:44:42","date_gmt":"2023-03-13T13:44:42","guid":{"rendered":"https:\/\/casadartistes.esfarcultural.net\/?page_id=2005"},"modified":"2025-04-14T08:55:58","modified_gmt":"2025-04-14T08:55:58","slug":"marc-2023-2","status":"publish","type":"page","link":"https:\/\/casadartistes.esfarcultural.net\/en\/marc-2023-2","title":{"rendered":"MAR\u00c7\/2023"},"content":{"rendered":"<div class=\"wpb-content-wrapper\"><p>[vc_row row_type=&#8221;row&#8221; use_row_as_full_screen_section=&#8221;no&#8221; type=&#8221;full_width&#8221; text_align=&#8221;center&#8221; background_animation=&#8221;none&#8221; css_animation=&#8221;&#8221; css=&#8221;.vc_custom_1610973632409{padding-bottom: 20px !important;}&#8221;][vc_column][vc_column_text]<\/p>\n<h5 style=\"text-align: left;\"><span style=\"color: #ea2d2e;\"><b>VICTORIA ELLM<\/b><\/span><\/h5>\n<p>[\/vc_column_text][\/vc_column][\/vc_row][vc_row row_type=&#8221;row&#8221; use_row_as_full_screen_section=&#8221;no&#8221; type=&#8221;full_width&#8221; text_align=&#8221;left&#8221; background_animation=&#8221;none&#8221; css_animation=&#8221;&#8221; css=&#8221;.vc_custom_1678713509651{padding-top: 30px !important;padding-right: 0px !important;padding-bottom: 30px !important;padding-left: 0px !important;}&#8221;][vc_column width=&#8221;2\/3&#8243;][vc_column_text]<\/p>\n<p><span style=\"font-weight: 400;\">Els interessos centrals del work in progress de Victoria Ellm se centren en la fractura ling\u00fc\u00edstica produ\u00efda en la tangent relacionis-temps i en la salut, especialment la mental. D&#8217;aqu\u00ed a un temps, les fragilitats humanes evidents en tots dos espais d&#8217;exploraci\u00f3 han pres cos a trav\u00e9s de la paraula, el menjar i la imatge en moviment.<\/span><\/p>\n<p>&nbsp;<\/p>\n<p><span style=\"font-weight: 400;\">Graduada en Belles Arts i Comunicaci\u00f3 i Ind\u00fastries Culturals i, despr\u00e9s d&#8217;un M\u00e0ster de professorat d&#8217;educaci\u00f3 secund\u00e0ria en arts visuals per la Universitat de Barcelona, ha continuat aprenent a trav\u00e9s de seminaris i grups d&#8217;estudi independents centrats en l&#8217;audiovisual, la filosofia, les pr\u00e0ctiques curatorials i la salut: <\/span><i><span style=\"font-weight: 400;\">La educaci\u00f3n superior en el mundo actual<\/span><\/i><span style=\"font-weight: 400;\">.<\/span><i><span style=\"font-weight: 400;\"> Dise\u00f1o universal del aprendizaje<\/span><\/i><span style=\"font-weight: 400;\"> (UB), <\/span><i><span style=\"font-weight: 400;\">Fer-se un cos. Entrenament politicopo\u00e8tic<\/span><\/i><span style=\"font-weight: 400;\"> (Casal Solleric), <\/span><i><span style=\"font-weight: 400;\">Nomadolog\u00eda y Rostridad: Mil Mesetas, <\/span><\/i><span style=\"font-weight: 400;\">(Osmionirca Biblioteca), <\/span><i><span style=\"font-weight: 400;\">Dementia and the Arts: Sharing practice, developing, Understanding and Enhancing Lives <\/span><\/i><span style=\"font-weight: 400;\">,(University College London y Futurlearn), <\/span><i><span style=\"font-weight: 400;\">Film Education: A User&#8217;s Guide<\/span><\/i><span style=\"font-weight: 400;\"> (British Film Institut y Futurelearn),<\/span><i><span style=\"font-weight: 400;\"> LAB: Transacciones, l\u00edmites e h\u00edbridos. Taller de desarrollo de proyectos<\/span><\/i><span style=\"font-weight: 400;\"> (Hangar), <\/span><i><span style=\"font-weight: 400;\">Ecoficciones. Del imaginario cinematogr\u00e1fico a las narrativas especulativas<\/span><\/i><span style=\"font-weight: 400;\"> (Hangar), <\/span><i><span style=\"font-weight: 400;\">Workshop Artefactos cinematogr\u00e1ficos. una iniciaci\u00f3n al cine anal\u00f3gico<\/span><\/i><span style=\"font-weight: 400;\"> (Xc\u00e8ntric -CCCB), <\/span><i><span style=\"font-weight: 400;\">Epistemologies i metodologies de recerca feminista<\/span><\/i><span style=\"font-weight: 400;\"> (Universidad Pompeu Fabra), Taller <\/span><i><span style=\"font-weight: 400;\">Totes Incloses: museus i dones en situaci\u00f3 de vulnerabilitat<\/span><\/i><span style=\"font-weight: 400;\"> (Apropa Cultura).<\/span><\/p>\n<p>&nbsp;<\/p>\n<p><span style=\"font-weight: 400;\">Ha participat en exposicions col\u00b7lectives com<\/span><i><span style=\"font-weight: 400;\"> El laboratori del no fer<\/span><\/i><span style=\"font-weight: 400;\">, de Christina Schultz (Blue Project, 2019) o el projecte curatorial virtual <Eye-framing=OM=\/7> (La Capella, 2021) i ha investigant en espais de creaci\u00f3 com el Konvent o Sa Talaia.\u00a0<\/span><\/p>\n<p>&nbsp;<\/p>\n<p><span style=\"font-weight: 400;\">Seleccionada en el Talent Lab de l\u2019Atlantida Film Festival amb <\/span><i><span style=\"font-weight: 400;\">A Woman\u2019s House<\/span><\/i><span style=\"font-weight: 400;\">, aquesta pe\u00e7a audiovisual s&#8217;ha anat desplegant en una esp\u00e8cie de projecte de vida on treballs previs com <\/span><i><span style=\"font-weight: 400;\">Sala d&#8217;espera, Un llit \u00b7 Hist\u00f2ries per a un llit<\/span><\/i><span style=\"font-weight: 400;\">, <\/span><i><span style=\"font-weight: 400;\">ibuprofeno 600min<\/span><\/i><span style=\"font-weight: 400;\"> o <\/span><i><span style=\"font-weight: 400;\">The Food is Present <\/span><\/i><span style=\"font-weight: 400;\">tamb\u00e9 tenen cabuda.<\/span><\/p>\n<p>&nbsp;<\/p>\n<p><a href=\"https:\/\/linktr.ee\/victoriaellm\">linktr.ee\/victoriaellm<\/a>[\/vc_column_text][\/vc_column][vc_column width=&#8221;1\/3&#8243;][vc_single_image image=&#8221;2007&#8243; img_size=&#8221;large&#8221; alignment=&#8221;center&#8221; onclick=&#8221;custom_link&#8221; img_link_target=&#8221;_blank&#8221; qode_css_animation=&#8221;&#8221; link=&#8221;http:\/\/sandrinedeumier.com\/&#8221;][vc_empty_space][vc_single_image image=&#8221;2006&#8243; img_size=&#8221;large&#8221; alignment=&#8221;center&#8221; onclick=&#8221;custom_link&#8221; img_link_target=&#8221;_blank&#8221; qode_css_animation=&#8221;&#8221; link=&#8221;http:\/\/sandrinedeumier.com\/&#8221;][\/vc_column][\/vc_row][vc_row row_type=&#8221;row&#8221; use_row_as_full_screen_section=&#8221;no&#8221; type=&#8221;full_width&#8221; text_align=&#8221;center&#8221; background_animation=&#8221;none&#8221; css_animation=&#8221;&#8221; css=&#8221;.vc_custom_1610973632409{padding-bottom: 20px !important;}&#8221;][vc_column][vc_column_text][\/vc_column_text][\/vc_column][\/vc_row][vc_row row_type=&#8221;row&#8221; use_row_as_full_screen_section=&#8221;no&#8221; type=&#8221;full_width&#8221; text_align=&#8221;center&#8221; background_animation=&#8221;none&#8221; css_animation=&#8221;&#8221; css=&#8221;.vc_custom_1610973632409{padding-bottom: 20px !important;}&#8221;][vc_column][vc_column_text]<\/p>\n<h5 style=\"text-align: left;\"><span style=\"color: #ea2d2e;\"><b>IVAN TORRES HDEZ<\/b><\/span><\/h5>\n<p>[\/vc_column_text][\/vc_column][\/vc_row][vc_row row_type=&#8221;row&#8221; use_row_as_full_screen_section=&#8221;no&#8221; type=&#8221;full_width&#8221; text_align=&#8221;left&#8221; background_animation=&#8221;none&#8221; css_animation=&#8221;&#8221; css=&#8221;.vc_custom_1678713669032{padding-top: 0px !important;padding-bottom: 30px !important;}&#8221;][vc_column width=&#8221;2\/3&#8243;][vc_column_text css=&#8221;.vc_custom_1678715050116{padding-top: 30px !important;}&#8221;]<span style=\"font-weight: 400;\">Treballa en cinema documental i d&#8217;assaig entre Finl\u00e0ndia i Gal\u00edcia, on viu actualment. La seva pr\u00e0ctica inclou tamb\u00e9 la performance de &#8220;live visuals&#8221; o cinema en directe, i la creaci\u00f3 d&#8217;art sonor destinat a la interpretaci\u00f3 en viu. Els projectes que desenvolupa tenen sempre un car\u00e0cter desconstructiu i d&#8217;experimentaci\u00f3 amb noves narratives i formats anal\u00f2gics mitjan\u00e7ant la seva recuperaci\u00f3, transformaci\u00f3 i reinterpretaci\u00f3. Una part recurrent en el seu treball \u00e9s la mem\u00f2ria, el seu significat i tra\u00e7 en els processos de construcci\u00f3 narrativa mitjan\u00e7ant l&#8217;erosi\u00f3 o alteraci\u00f3 d&#8217;aquesta.<\/span><\/p>\n<p>&nbsp;<\/p>\n<p><a href=\"https:\/\/ivantorreshdez.com\/\">ivantorreshdez.com<\/a>[\/vc_column_text][\/vc_column][vc_column width=&#8221;1\/3&#8243;][vc_single_image image=&#8221;2008&#8243; img_size=&#8221;large&#8221; alignment=&#8221;center&#8221; onclick=&#8221;custom_link&#8221; img_link_target=&#8221;_blank&#8221; qode_css_animation=&#8221;&#8221; link=&#8221;https:\/\/www.alky0ni.com\/&#8221;][vc_empty_space][vc_single_image image=&#8221;2009&#8243; img_size=&#8221;large&#8221; alignment=&#8221;center&#8221; onclick=&#8221;custom_link&#8221; img_link_target=&#8221;_blank&#8221; qode_css_animation=&#8221;&#8221; link=&#8221;https:\/\/www.alky0ni.com\/&#8221;][\/vc_column][\/vc_row][vc_row row_type=&#8221;row&#8221; use_row_as_full_screen_section=&#8221;no&#8221; type=&#8221;full_width&#8221; text_align=&#8221;left&#8221; background_animation=&#8221;none&#8221; css_animation=&#8221;&#8221; css=&#8221;.vc_custom_1610971612162{padding-top: 10px !important;}&#8221;][vc_column][vc_column_text]<\/p>\n<h5 style=\"text-align: left;\"><span style=\"color: #ea2d2e;\"><b>LUIS D\u00cdAZ<\/b><\/span><\/h5>\n<p>[\/vc_column_text][\/vc_column][\/vc_row][vc_row row_type=&#8221;row&#8221; use_row_as_full_screen_section=&#8221;no&#8221; type=&#8221;full_width&#8221; text_align=&#8221;left&#8221; background_animation=&#8221;none&#8221; css_animation=&#8221;&#8221; css=&#8221;.vc_custom_1678713662765{padding-top: 30px !important;padding-bottom: 20px !important;}&#8221;][vc_column width=&#8221;2\/3&#8243;][vc_column_text css=&#8221;.vc_custom_1678715078861{padding-top: 30px !important;}&#8221;]<span style=\"font-weight: 400;\">Actualment, est\u00e0 treballant en l&#8217;escriptura d&#8217;una novel\u00b7la sobre el desig de ser escriptor, a m\u00e9s d&#8217;altres eixos com la confusi\u00f3 i la falta de significat de molts moments de les nostres vides, degut en part per una pres\u00e8ncia constant dels mitjans de comunicaci\u00f3, especialment de la televisi\u00f3. Els seus anteriors llibres treballaven els textos des de la poesia en prosa i per a aquesta tercera obra pret\u00e9n afrontar l&#8217;escriptura des de la narrativa procurant que l&#8217;\u00fas del llenguatge, les imatges i el ritme siguin tan important com el que es compta.<\/span><\/p>\n<p>&nbsp;<\/p>\n<p><span style=\"font-weight: 400;\">Luis D\u00edaz (Alcal\u00e1 de Henares, 1994) \u00e9s escriptor, periodista i gestor cultural. Ha publicat els llibres <\/span><i><span style=\"font-weight: 400;\">Hombres con un diente de leche<\/span><\/i><span style=\"font-weight: 400;\"> (C\u00e1ntico, 2020), obra guanyadora del IV Premi Irreconciliables, i <\/span><i><span style=\"font-weight: 400;\">Los bloques naranjas<\/span><\/i><span style=\"font-weight: 400;\"> (Caballo de Troya, 2023), editada per Sabina Urraca. Els seus textos tamb\u00e9 han aparegut en antologies com <\/span><i><span style=\"font-weight: 400;\">\u00c1rboles frutales<\/span><\/i><span style=\"font-weight: 400;\"> (Editorial 16, 2021) o <\/span><i><span style=\"font-weight: 400;\">De qu\u00e9 hablamos cuando hablamos de amor <\/span><\/i><span style=\"font-weight: 400;\">(C\u00e1ntico, 2023).<\/span><\/p>\n<p>&nbsp;<\/p>\n<p><span style=\"font-weight: 400;\">Aix\u00ed, altres treballs \u2014literaris o culturals\u2014 han estat publicats en revistes com MULE o Poscultura, a m\u00e9s d&#8217;en mitjans period\u00edstics com a VICE, El Salto o Mondo Sonoro.<\/span><\/p>\n<p>&nbsp;<\/p>\n<p><span style=\"font-weight: 400;\">En l&#8217;\u00e0mbit de la gesti\u00f3 cultural, dirigeix des de 2019 el Festival de Festival de Poes\u00eda Joven de Alcal\u00e1 de Henares. Aquesta proposta liter\u00e0ria t\u00e9 com a objectiu promocionar les noves veus de la poesia a Espanya. En les anteriors edicions \u2014la IV edici\u00f3 tindr\u00e0 lloc a la fi d&#8217;abril\u2014 han participat autorxs com Elizabeth Duval, Sara Torres, \u00d3scar Garc\u00eda Sierra o Rosa Berbel.<\/span><\/p>\n<p>&nbsp;<\/p>\n<p><a href=\"https:\/\/www.instagram.com\/yungarepa\/\">@yungarepa\/<\/a>[\/vc_column_text][\/vc_column][vc_column width=&#8221;1\/3&#8243;][vc_single_image image=&#8221;2011&#8243; img_size=&#8221;large&#8221; alignment=&#8221;center&#8221; onclick=&#8221;custom_link&#8221; img_link_target=&#8221;_blank&#8221; qode_css_animation=&#8221;&#8221; link=&#8221;https:\/\/paulavicente.hotglue.me&#8221;][vc_empty_space][vc_single_image image=&#8221;2010&#8243; img_size=&#8221;large&#8221; alignment=&#8221;center&#8221; onclick=&#8221;custom_link&#8221; img_link_target=&#8221;_blank&#8221; qode_css_animation=&#8221;&#8221; link=&#8221;https:\/\/paulavicente.hotglue.me&#8221;][\/vc_column][\/vc_row][vc_row row_type=&#8221;row&#8221; use_row_as_full_screen_section=&#8221;no&#8221; type=&#8221;full_width&#8221; text_align=&#8221;left&#8221; background_animation=&#8221;none&#8221; css_animation=&#8221;&#8221; css=&#8221;.vc_custom_1610971949811{padding-top: 20px !important;padding-bottom: 30px !important;}&#8221;][vc_column][vc_separator type=&#8221;normal&#8221; border_style=&#8221;&#8221; color=&#8221;#0a0a0a&#8221;][\/vc_column][\/vc_row]<\/p>\n<\/div>","protected":false},"excerpt":{"rendered":"<p>[vc_row row_type=&#8221;row&#8221; use_row_as_full_screen_section=&#8221;no&#8221; type=&#8221;full_width&#8221; text_align=&#8221;center&#8221; background_animation=&#8221;none&#8221; css_animation=&#8221;&#8221; css=&#8221;.vc_custom_1610973632409{padding-bottom: 20px !important;}&#8221;][vc_column][vc_column_text] VICTORIA ELLM [\/vc_column_text][\/vc_column][\/vc_row][vc_row row_type=&#8221;row&#8221; use_row_as_full_screen_section=&#8221;no&#8221; type=&#8221;full_width&#8221; text_align=&#8221;left&#8221; background_animation=&#8221;none&#8221; css_animation=&#8221;&#8221; css=&#8221;.vc_custom_1678713509651{padding-top: 30px !important;padding-right: 0px !important;padding-bottom: 30px !important;padding-left: 0px !important;}&#8221;][vc_column width=&#8221;2\/3&#8243;][vc_column_text] Els interessos centrals del work in progress de Victoria Ellm se centren en la fractura ling\u00fc\u00edstica&#8230;<\/p>\n","protected":false},"author":1,"featured_media":0,"parent":0,"menu_order":0,"comment_status":"closed","ping_status":"closed","template":"","meta":{"footnotes":""},"class_list":["post-2005","page","type-page","status-publish","hentry"],"_links":{"self":[{"href":"https:\/\/casadartistes.esfarcultural.net\/en\/wp-json\/wp\/v2\/pages\/2005","targetHints":{"allow":["GET"]}}],"collection":[{"href":"https:\/\/casadartistes.esfarcultural.net\/en\/wp-json\/wp\/v2\/pages"}],"about":[{"href":"https:\/\/casadartistes.esfarcultural.net\/en\/wp-json\/wp\/v2\/types\/page"}],"author":[{"embeddable":true,"href":"https:\/\/casadartistes.esfarcultural.net\/en\/wp-json\/wp\/v2\/users\/1"}],"replies":[{"embeddable":true,"href":"https:\/\/casadartistes.esfarcultural.net\/en\/wp-json\/wp\/v2\/comments?post=2005"}],"version-history":[{"count":6,"href":"https:\/\/casadartistes.esfarcultural.net\/en\/wp-json\/wp\/v2\/pages\/2005\/revisions"}],"predecessor-version":[{"id":3458,"href":"https:\/\/casadartistes.esfarcultural.net\/en\/wp-json\/wp\/v2\/pages\/2005\/revisions\/3458"}],"wp:attachment":[{"href":"https:\/\/casadartistes.esfarcultural.net\/en\/wp-json\/wp\/v2\/media?parent=2005"}],"curies":[{"name":"wp","href":"https:\/\/api.w.org\/{rel}","templated":true}]}}